{"id":344,"date":"2023-11-06T16:45:56","date_gmt":"2023-11-06T15:45:56","guid":{"rendered":"http:\/\/155.253.20.24\/wordpress\/?page_id=344"},"modified":"2024-03-01T10:35:39","modified_gmt":"2024-03-01T09:35:39","slug":"news-eventi","status":"publish","type":"page","link":"https:\/\/www.lteritalia.it\/?page_id=344","title":{"rendered":"News &#038; Eventi"},"content":{"rendered":"\n<hr class=\"wp-block-separator has-text-color has-luminous-vivid-amber-color has-alpha-channel-opacity has-luminous-vivid-amber-background-color has-background is-style-wide\" style=\"margin-top:var(--wp--preset--spacing--20);margin-bottom:var(--wp--preset--spacing--20)\"\/>\n\n\n\n<div class=\"wp-block-columns is-layout-flex wp-container-core-columns-is-layout-28f84493 wp-block-columns-is-layout-flex\">\n<div class=\"wp-block-column is-layout-flow wp-block-column-is-layout-flow\">\n<h2 class=\"wp-block-heading\">News<\/h2>\n\n\n<ul class=\"wp-block-latest-posts__list has-dates alignfull wp-block-latest-posts\"><li><div class=\"wp-block-latest-posts__featured-image\"><img loading=\"lazy\" decoding=\"async\" width=\"300\" height=\"150\" src=\"https:\/\/www.lteritalia.it\/wp-content\/uploads\/Progetto-senza-titolo-300x150.png\" class=\"attachment-medium size-medium wp-post-image\" alt=\"\" style=\"max-width:225px;max-height:225px;\" srcset=\"https:\/\/www.lteritalia.it\/wp-content\/uploads\/Progetto-senza-titolo-300x150.png 300w, https:\/\/www.lteritalia.it\/wp-content\/uploads\/Progetto-senza-titolo-1024x512.png 1024w, https:\/\/www.lteritalia.it\/wp-content\/uploads\/Progetto-senza-titolo-768x384.png 768w, https:\/\/www.lteritalia.it\/wp-content\/uploads\/Progetto-senza-titolo-1536x768.png 1536w, https:\/\/www.lteritalia.it\/wp-content\/uploads\/Progetto-senza-titolo-2048x1024.png 2048w\" sizes=\"auto, (max-width: 300px) 100vw, 300px\" \/><\/div><a class=\"wp-block-latest-posts__post-title\" href=\"https:\/\/www.lteritalia.it\/?p=7969\">Notizie dalla Rete LTER #3<\/a><time datetime=\"2026-02-04T11:57:17+01:00\" class=\"wp-block-latest-posts__post-date\">04\/02\/2026<\/time><div class=\"wp-block-latest-posts__post-excerpt\">\u00c8 online la terza newsletter di LTER-Italia, qui troverai aggiornamenti su pubblicazioni, eventi e risorse. Non dimenticarti di iscriverti per non perdere nessuna novit\u00e0. Leggi online<\/div><\/li>\n<li><div class=\"wp-block-latest-posts__featured-image\"><img loading=\"lazy\" decoding=\"async\" width=\"300\" height=\"157\" src=\"https:\/\/www.lteritalia.it\/wp-content\/uploads\/paione-sup-300x157.png\" class=\"attachment-medium size-medium wp-post-image\" alt=\"\" style=\"max-width:225px;max-height:225px;\" srcset=\"https:\/\/www.lteritalia.it\/wp-content\/uploads\/paione-sup-300x157.png 300w, https:\/\/www.lteritalia.it\/wp-content\/uploads\/paione-sup-768x403.png 768w, https:\/\/www.lteritalia.it\/wp-content\/uploads\/paione-sup.png 828w\" sizes=\"auto, (max-width: 300px) 100vw, 300px\" \/><\/div><a class=\"wp-block-latest-posts__post-title\" href=\"https:\/\/www.lteritalia.it\/?p=7926\">LIFE MODERn(NEC): un nuovo sistema per monitorare l&#8217;impatto dell&#8217;inquinamento atmosferico sugli ecosistemi italiani<\/a><time datetime=\"2025-12-18T09:13:34+01:00\" class=\"wp-block-latest-posts__post-date\">18\/12\/2025<\/time><div class=\"wp-block-latest-posts__post-excerpt\">\u00c8 stato lanciato il progetto LIFE MODERn(NEC), un&#8217;iniziativa ambiziosa che mira a migliorare il modo in cui monitoriamo gli effetti dell&#8217;inquinamento atmosferico sui nostri ecosistemi terrestri e d&#8217;acqua dolce in Italia. Finanziato dal programma LIFE dell&#8217;Unione Europea, questo progetto \u00e8 unico nel suo genere, essendo l&#8217;unico dedicato specificamente all&#8217;Articolo 9 della Direttiva NEC (National Emission\u2026 <a class=\"wp-block-latest-posts__read-more\" href=\"https:\/\/www.lteritalia.it\/?p=7926\" rel=\"noopener noreferrer\">Read more<span class=\"screen-reader-text\">: LIFE MODERn(NEC): un nuovo sistema per monitorare l&#8217;impatto dell&#8217;inquinamento atmosferico sugli ecosistemi italiani<\/span><\/a><\/div><\/li>\n<li><div class=\"wp-block-latest-posts__featured-image\"><img loading=\"lazy\" decoding=\"async\" width=\"300\" height=\"225\" src=\"https:\/\/www.lteritalia.it\/wp-content\/uploads\/laguna-venezia-300x225.jpg\" class=\"attachment-medium size-medium wp-post-image\" alt=\"\" style=\"max-width:225px;max-height:225px;\" srcset=\"https:\/\/www.lteritalia.it\/wp-content\/uploads\/laguna-venezia-300x225.jpg 300w, https:\/\/www.lteritalia.it\/wp-content\/uploads\/laguna-venezia-768x576.jpg 768w, https:\/\/www.lteritalia.it\/wp-content\/uploads\/laguna-venezia.jpg 800w\" sizes=\"auto, (max-width: 300px) 100vw, 300px\" \/><\/div><a class=\"wp-block-latest-posts__post-title\" href=\"https:\/\/www.lteritalia.it\/?p=7922\">L&#8217;ecologia del fitoplancton della Laguna di Venezia<\/a><time datetime=\"2025-12-17T09:01:43+01:00\" class=\"wp-block-latest-posts__post-date\">17\/12\/2025<\/time><div class=\"wp-block-latest-posts__post-excerpt\">La Laguna di Venezia, un ecosistema di transizione unico e complesso nel Mediterraneo, \u00e8 da decenni al centro di studi scientifici che ne esplorano la ricca biodiversit\u00e0 e fa parte della Rete di Ricerca Ecologica di Lungo Termine LTER-Italia. Un gruppo di ricercatori e ricercatrici del CNR-ISMAR di Venezia ha raccolto e sintetizzato anni di\u2026 <a class=\"wp-block-latest-posts__read-more\" href=\"https:\/\/www.lteritalia.it\/?p=7922\" rel=\"noopener noreferrer\">Read more<span class=\"screen-reader-text\">: L&#8217;ecologia del fitoplancton della Laguna di Venezia<\/span><\/a><\/div><\/li>\n<li><div class=\"wp-block-latest-posts__featured-image\"><img loading=\"lazy\" decoding=\"async\" width=\"300\" height=\"186\" src=\"https:\/\/www.lteritalia.it\/wp-content\/uploads\/golfo-venezia-300x186.jpg\" class=\"attachment-medium size-medium wp-post-image\" alt=\"\" style=\"max-width:225px;max-height:225px;\" srcset=\"https:\/\/www.lteritalia.it\/wp-content\/uploads\/golfo-venezia-300x186.jpg 300w, https:\/\/www.lteritalia.it\/wp-content\/uploads\/golfo-venezia-1024x636.jpg 1024w, https:\/\/www.lteritalia.it\/wp-content\/uploads\/golfo-venezia-768x477.jpg 768w, https:\/\/www.lteritalia.it\/wp-content\/uploads\/golfo-venezia-1536x954.jpg 1536w, https:\/\/www.lteritalia.it\/wp-content\/uploads\/golfo-venezia.jpg 2048w\" sizes=\"auto, (max-width: 300px) 100vw, 300px\" \/><\/div><a class=\"wp-block-latest-posts__post-title\" href=\"https:\/\/www.lteritalia.it\/?p=7917\">Fitoplancton e cambiamenti climatici: uno sguardo dal Golfo di Venezia<\/a><time datetime=\"2025-12-16T08:35:42+01:00\" class=\"wp-block-latest-posts__post-date\">16\/12\/2025<\/time><div class=\"wp-block-latest-posts__post-excerpt\">Il fitoplancton, invisibile motore degli oceani, \u00e8 il focus di un nuovo studio condotto per 12 anni nel Golfo di Venezia (uno dei siti della Rete di Ricerca Ecologica di Lungo Termine LTER-Italia) presso la Piattaforma Oceanografica Acqua Alta (LTER-AAOT). Questi organismi microscopici sono cruciali per la vita marina e sensibili ai cambiamenti ambientali. In\u2026 <a class=\"wp-block-latest-posts__read-more\" href=\"https:\/\/www.lteritalia.it\/?p=7917\" rel=\"noopener noreferrer\">Read more<span class=\"screen-reader-text\">: Fitoplancton e cambiamenti climatici: uno sguardo dal Golfo di Venezia<\/span><\/a><\/div><\/li>\n<li><div class=\"wp-block-latest-posts__featured-image\"><img loading=\"lazy\" decoding=\"async\" width=\"300\" height=\"172\" src=\"https:\/\/www.lteritalia.it\/wp-content\/uploads\/petacciato-lepidottero-300x172.jpg\" class=\"attachment-medium size-medium wp-post-image\" alt=\"\" style=\"max-width:225px;max-height:225px;\" srcset=\"https:\/\/www.lteritalia.it\/wp-content\/uploads\/petacciato-lepidottero-300x172.jpg 300w, https:\/\/www.lteritalia.it\/wp-content\/uploads\/petacciato-lepidottero.jpg 567w\" sizes=\"auto, (max-width: 300px) 100vw, 300px\" \/><\/div><a class=\"wp-block-latest-posts__post-title\" href=\"https:\/\/www.lteritalia.it\/?p=7913\">Nuove conoscenze su lepidotteri e piante vascolari delle dune dell\u2019Adriatico centro-meridionale<\/a><time datetime=\"2025-12-15T08:22:42+01:00\" class=\"wp-block-latest-posts__post-date\">15\/12\/2025<\/time><div class=\"wp-block-latest-posts__post-excerpt\">Due recenti studi condotti nel sito eLTER costiero dell\u2019Adriatico centro-maridionale (Foce Trigno-Marina di Petacciato; LTER IT20), gestito dall\u2019Universit\u00e0 del Molise, hanno approfondito le relazioni tra comunit\u00e0 di lepidotteri e piante vascolari nelle dune mediterranee, ecosistemi tra i pi\u00f9 minacciati del nostro Paese ma di grande valore ecologico e conservazionistico. Le campagne di campionamento sono state\u2026 <a class=\"wp-block-latest-posts__read-more\" href=\"https:\/\/www.lteritalia.it\/?p=7913\" rel=\"noopener noreferrer\">Read more<span class=\"screen-reader-text\">: Nuove conoscenze su lepidotteri e piante vascolari delle dune dell\u2019Adriatico centro-meridionale<\/span><\/a><\/div><\/li>\n<\/ul>\n\n\n<hr class=\"wp-block-separator has-text-color has-luminous-vivid-amber-color has-alpha-channel-opacity has-luminous-vivid-amber-background-color has-background is-style-wide\" style=\"margin-top:var(--wp--preset--spacing--20);margin-bottom:var(--wp--preset--spacing--20)\"\/>\n<\/div>\n\n\n\n<div class=\"wp-block-column is-layout-flow wp-block-column-is-layout-flow\">\n<h2 class=\"wp-block-heading\">Eventi<\/h2>\n\n\n<ul class=\"wp-block-latest-posts__list has-dates alignfull wp-block-latest-posts\"><li><div class=\"wp-block-latest-posts__featured-image\"><img loading=\"lazy\" decoding=\"async\" width=\"300\" height=\"200\" src=\"https:\/\/www.lteritalia.it\/wp-content\/uploads\/Banner_Smart_Bay-300x200.png\" class=\"attachment-medium size-medium wp-post-image\" alt=\"\" style=\"max-width:225px;max-height:225px;\" srcset=\"https:\/\/www.lteritalia.it\/wp-content\/uploads\/Banner_Smart_Bay-300x200.png 300w, https:\/\/www.lteritalia.it\/wp-content\/uploads\/Banner_Smart_Bay-768x513.png 768w, https:\/\/www.lteritalia.it\/wp-content\/uploads\/Banner_Smart_Bay.png 899w\" sizes=\"auto, (max-width: 300px) 100vw, 300px\" \/><\/div><a class=\"wp-block-latest-posts__post-title\" href=\"https:\/\/www.lteritalia.it\/?p=7799\">Smart Bay Santa Teresa: un osservatorio sul mare, una rete per il territorio<\/a><time datetime=\"2025-10-23T13:31:57+01:00\" class=\"wp-block-latest-posts__post-date\">23\/10\/2025<\/time><div class=\"wp-block-latest-posts__post-excerpt\">Il 27 novembre, presso la Smart Bay di Santa Teresa, si svolger\u00e0 una giornata di confronto fra istituzioni ed attori locali per favorire la cooperazione, lo sviluppo sostenibile e la conservazione dell&#8217;ambiente del Golfo della Spezia. Smart Bay Santa Teresa \u00e8 una piattaforma di osservazione ambientale e innovazione tecnologica nata nella Baia di Lerici, all&#8217;interno\u2026 <a class=\"wp-block-latest-posts__read-more\" href=\"https:\/\/www.lteritalia.it\/?p=7799\" rel=\"noopener noreferrer\">Read more<span class=\"screen-reader-text\">: Smart Bay Santa Teresa: un osservatorio sul mare, una rete per il territorio<\/span><\/a><\/div><\/li>\n<li><div class=\"wp-block-latest-posts__featured-image\"><img loading=\"lazy\" decoding=\"async\" width=\"300\" height=\"200\" src=\"https:\/\/www.lteritalia.it\/wp-content\/uploads\/pascale-amez-Q4RuIsRuMcs-unsplash-300x200.jpg\" class=\"attachment-medium size-medium wp-post-image\" alt=\"\" style=\"max-width:225px;max-height:225px;\" srcset=\"https:\/\/www.lteritalia.it\/wp-content\/uploads\/pascale-amez-Q4RuIsRuMcs-unsplash-300x200.jpg 300w, https:\/\/www.lteritalia.it\/wp-content\/uploads\/pascale-amez-Q4RuIsRuMcs-unsplash-1024x683.jpg 1024w, https:\/\/www.lteritalia.it\/wp-content\/uploads\/pascale-amez-Q4RuIsRuMcs-unsplash-768x513.jpg 768w, https:\/\/www.lteritalia.it\/wp-content\/uploads\/pascale-amez-Q4RuIsRuMcs-unsplash-1536x1025.jpg 1536w, https:\/\/www.lteritalia.it\/wp-content\/uploads\/pascale-amez-Q4RuIsRuMcs-unsplash-2048x1367.jpg 2048w\" sizes=\"auto, (max-width: 300px) 100vw, 300px\" \/><\/div><a class=\"wp-block-latest-posts__post-title\" href=\"https:\/\/www.lteritalia.it\/?p=7663\">CNR: evento sulla criosfera il 12 dicembre presso la sede centrale<\/a><time datetime=\"2025-10-15T09:07:36+01:00\" class=\"wp-block-latest-posts__post-date\">15\/10\/2025<\/time><div class=\"wp-block-latest-posts__post-excerpt\">Per celebrare l\u2019Anno Internazionale per la Preservazione dei Ghiacciai e l\u2019inizio della Decade di Azione per le Scienze Criosferiche\u202fpromossi dalle Nazioni Unite, in occasione della Giornata Internazionale della Montagna, il Gruppo di lavoro sulle Montagne\u202fdel DSSTTA organizza per venerd\u00ec 12 dicembre 2025 presso la sede centrale del CNR (Piazzale Aldo Moro 7, Roma) \u202funa Giornata\u2026 <a class=\"wp-block-latest-posts__read-more\" href=\"https:\/\/www.lteritalia.it\/?p=7663\" rel=\"noopener noreferrer\">Read more<span class=\"screen-reader-text\">: CNR: evento sulla criosfera il 12 dicembre presso la sede centrale<\/span><\/a><\/div><\/li>\n<li><div class=\"wp-block-latest-posts__featured-image\"><img loading=\"lazy\" decoding=\"async\" width=\"300\" height=\"169\" src=\"https:\/\/www.lteritalia.it\/wp-content\/uploads\/10.05.2025-dic.-Post-di-Twitter31-300x169.png\" class=\"attachment-medium size-medium wp-post-image\" alt=\"\" style=\"max-width:225px;max-height:225px;\" srcset=\"https:\/\/www.lteritalia.it\/wp-content\/uploads\/10.05.2025-dic.-Post-di-Twitter31-300x169.png 300w, https:\/\/www.lteritalia.it\/wp-content\/uploads\/10.05.2025-dic.-Post-di-Twitter31-1024x576.png 1024w, https:\/\/www.lteritalia.it\/wp-content\/uploads\/10.05.2025-dic.-Post-di-Twitter31-768x432.png 768w, https:\/\/www.lteritalia.it\/wp-content\/uploads\/10.05.2025-dic.-Post-di-Twitter31.png 1200w\" sizes=\"auto, (max-width: 300px) 100vw, 300px\" \/><\/div><a class=\"wp-block-latest-posts__post-title\" href=\"https:\/\/www.lteritalia.it\/?p=6774\">Un Po nostro: viaggi e racconti nelle terre del Grande Fiume<\/a><time datetime=\"2025-08-20T13:05:11+01:00\" class=\"wp-block-latest-posts__post-date\">20\/08\/2025<\/time><div class=\"wp-block-latest-posts__post-excerpt\">I giorni 13 e 14 settembre vi aspettiamo a Ostana (CN) per una delle tappe del Cammino del Po: il fiume che connette. L&#8217;evento \u00e8 promosso dalla Rete LTER-Italia e ci porter\u00e0 attraverso il territorio del Grande Fiume in bicicletta, a piedi e grazie alle immagini e alle parole del fotografo Marzio Toniolo. Ostana (CN)\u2026 <a class=\"wp-block-latest-posts__read-more\" href=\"https:\/\/www.lteritalia.it\/?p=6774\" rel=\"noopener noreferrer\">Read more<span class=\"screen-reader-text\">: Un Po nostro: viaggi e racconti nelle terre del Grande Fiume<\/span><\/a><\/div><\/li>\n<li><div class=\"wp-block-latest-posts__featured-image\"><img loading=\"lazy\" decoding=\"async\" width=\"300\" height=\"200\" src=\"https:\/\/www.lteritalia.it\/wp-content\/uploads\/zac-gudakov-QPSCa0yOA1o-unsplash1-300x200.jpg\" class=\"attachment-medium size-medium wp-post-image\" alt=\"\" style=\"max-width:225px;max-height:225px;\" srcset=\"https:\/\/www.lteritalia.it\/wp-content\/uploads\/zac-gudakov-QPSCa0yOA1o-unsplash1-300x200.jpg 300w, https:\/\/www.lteritalia.it\/wp-content\/uploads\/zac-gudakov-QPSCa0yOA1o-unsplash1-1024x683.jpg 1024w, https:\/\/www.lteritalia.it\/wp-content\/uploads\/zac-gudakov-QPSCa0yOA1o-unsplash1-768x512.jpg 768w, https:\/\/www.lteritalia.it\/wp-content\/uploads\/zac-gudakov-QPSCa0yOA1o-unsplash1-1536x1024.jpg 1536w, https:\/\/www.lteritalia.it\/wp-content\/uploads\/zac-gudakov-QPSCa0yOA1o-unsplash1-2048x1365.jpg 2048w\" sizes=\"auto, (max-width: 300px) 100vw, 300px\" \/><\/div><a class=\"wp-block-latest-posts__post-title\" href=\"https:\/\/www.lteritalia.it\/?p=7214\">15-16 Ottobre 2025: Incontro Dottorandi e Giovani Ricercatori in Ecologia e Scienze dei Sistemi Acquatici<\/a><time datetime=\"2025-08-05T16:15:54+01:00\" class=\"wp-block-latest-posts__post-date\">05\/08\/2025<\/time><div class=\"wp-block-latest-posts__post-excerpt\">Il 15 e 16 Ottobre 2025, si terr\u00e0 l\u2019incontro virtuale dei Giovani Ricercatori e Dottorandi in Ecologia e Scienze dei Sistemi Acquatici organizzato annualmente dall\u2019Associazione Italiana di Oceanologia e Limnologia AIOL APS ETS e dalla Societ\u00e0 Italiana di Ecologia (S.It.E). \u00c8 in programma un evento online, promosso nell\u2019ambito delle attivit\u00e0 AIOL (Associazione Italiana di Oceanologia\u2026 <a class=\"wp-block-latest-posts__read-more\" href=\"https:\/\/www.lteritalia.it\/?p=7214\" rel=\"noopener noreferrer\">Read more<span class=\"screen-reader-text\">: 15-16 Ottobre 2025: Incontro Dottorandi e Giovani Ricercatori in Ecologia e Scienze dei Sistemi Acquatici<\/span><\/a><\/div><\/li>\n<li><div class=\"wp-block-latest-posts__featured-image\"><img loading=\"lazy\" decoding=\"async\" width=\"300\" height=\"225\" src=\"https:\/\/www.lteritalia.it\/wp-content\/uploads\/IMG-20250723-WA0006-300x225.jpg\" class=\"attachment-medium size-medium wp-post-image\" alt=\"\" style=\"max-width:225px;max-height:225px;\" srcset=\"https:\/\/www.lteritalia.it\/wp-content\/uploads\/IMG-20250723-WA0006-300x225.jpg 300w, https:\/\/www.lteritalia.it\/wp-content\/uploads\/IMG-20250723-WA0006-1024x768.jpg 1024w, https:\/\/www.lteritalia.it\/wp-content\/uploads\/IMG-20250723-WA0006-768x576.jpg 768w, https:\/\/www.lteritalia.it\/wp-content\/uploads\/IMG-20250723-WA0006-1536x1152.jpg 1536w, https:\/\/www.lteritalia.it\/wp-content\/uploads\/IMG-20250723-WA0006.jpg 1600w\" sizes=\"auto, (max-width: 300px) 100vw, 300px\" \/><\/div><a class=\"wp-block-latest-posts__post-title\" href=\"https:\/\/www.lteritalia.it\/?p=7201\">Colloqui in Val Masino con Legambiente ed ERSAF<\/a><time datetime=\"2025-08-05T15:50:25+01:00\" class=\"wp-block-latest-posts__post-date\">05\/08\/2025<\/time><div class=\"wp-block-latest-posts__post-excerpt\">Due giorni tra natura, ricerca e confronto nel cuore delle Alpi. La Rete di Ricerche Ecologiche di Lungo Termine, ERSAF e Legambiente organizzano un incontro speciale nell\u2019area dei Bagni di Masino (SO). Un ambiente ricchissimo dal punto di vista geomorfologico, faunistico e vegetazionale, e uno dei siti di ricerca ecologica di lungo termine di LTER-Italia.\u2026 <a class=\"wp-block-latest-posts__read-more\" href=\"https:\/\/www.lteritalia.it\/?p=7201\" rel=\"noopener noreferrer\">Read more<span class=\"screen-reader-text\">: Colloqui in Val Masino con Legambiente ed ERSAF<\/span><\/a><\/div><\/li>\n<\/ul>\n\n\n<hr class=\"wp-block-separator has-text-color has-luminous-vivid-amber-color has-alpha-channel-opacity has-luminous-vivid-amber-background-color has-background is-style-wide\" style=\"margin-top:var(--wp--preset--spacing--20);margin-bottom:var(--wp--preset--spacing--20)\"\/>\n<\/div>\n<\/div>\n\n\n\n<div class=\"wp-block-group alignfull has-background-color has-white-color has-ast-global-color-2-background-color has-text-color has-background has-link-color wp-elements-04b9a45e79267d1f442b9a7791766faf is-vertical is-content-justification-stretch is-layout-flex wp-container-core-group-is-layout-48a3dbfb wp-block-group-is-layout-flex\" style=\"min-height:40vh;margin-top:0;margin-bottom:0;padding-top:var(--wp--preset--spacing--60);padding-right:var(--wp--preset--spacing--40);padding-bottom:var(--wp--preset--spacing--60);padding-left:var(--wp--preset--spacing--40)\">\n<div class=\"wp-block-columns alignwide has-small-font-size is-layout-flex wp-container-core-columns-is-layout-28f84493 wp-block-columns-is-layout-flex\">\n<div class=\"wp-block-column is-layout-flow wp-block-column-is-layout-flow\">\n<p class=\"has-text-align-center has-luminous-vivid-amber-color has-text-color has-link-color wp-elements-8fc6c97ba601763b12143539e0926315\"><strong>Contatti<\/strong><\/p>\n\n\n\n<p class=\"has-text-align-center\"><strong>Segretariato:<\/strong> Via Roberto Cozzi, 53 20156 Milan (Italy)<\/p>\n\n\n\n<p class=\"has-text-align-center\"><strong>Telefono: <\/strong>+02 66173307<\/p>\n\n\n\n<p class=\"has-text-align-center has-ast-global-color-5-color has-text-color has-link-color wp-elements-092d8a5cd32c111fb6f2be94de498da8\"><strong>E-mail: <\/strong><a href=\"mailto:lteritaly@gmail.com\" target=\"_blank\" rel=\"noreferrer noopener\">lteritaly@gmail.com<\/a><\/p>\n\n\n\n<p class=\"has-text-align-center has-ast-global-color-5-color has-text-color has-link-color wp-elements-8329b24913733139362463b2c4581ae0\"><a href=\"http:\/\/155.253.20.24\/wordpress\/?page_id=826&amp;lang=it\" data-type=\"page\" data-id=\"826\" target=\"_blank\" rel=\"noreferrer noopener\">Contact form<\/a><\/p>\n<\/div>\n\n\n\n<div class=\"wp-block-column is-layout-flow wp-block-column-is-layout-flow\">\n<p class=\"has-text-align-center has-luminous-vivid-amber-color has-text-color has-link-color wp-elements-a0b681ef158968ef2b3fb930376927ec\"><strong>Social Media<\/strong><\/p>\n\n\n\n<ul class=\"wp-block-social-links is-content-justification-center is-layout-flex wp-container-core-social-links-is-layout-a89b3969 wp-block-social-links-is-layout-flex\"><li class=\"wp-social-link wp-social-link-facebook  wp-block-social-link\"><a rel=\"noopener nofollow\" target=\"_blank\" href=\"https:\/\/www.facebook.com\/lteritaly\" class=\"wp-block-social-link-anchor\"><svg width=\"24\" height=\"24\" viewBox=\"0 0 24 24\" version=\"1.1\" xmlns=\"http:\/\/www.w3.org\/2000\/svg\" aria-hidden=\"true\" focusable=\"false\"><path d=\"M12 2C6.5 2 2 6.5 2 12c0 5 3.7 9.1 8.4 9.9v-7H7.9V12h2.5V9.8c0-2.5 1.5-3.9 3.8-3.9 1.1 0 2.2.2 2.2.2v2.5h-1.3c-1.2 0-1.6.8-1.6 1.6V12h2.8l-.4 2.9h-2.3v7C18.3 21.1 22 17 22 12c0-5.5-4.5-10-10-10z\"><\/path><\/svg><span class=\"wp-block-social-link-label screen-reader-text\">Facebook<\/span><\/a><\/li>\n\n<li class=\"wp-social-link wp-social-link-instagram  wp-block-social-link\"><a rel=\"noopener nofollow\" target=\"_blank\" href=\"https:\/\/www.instagram.com\/lteritalia\/\" class=\"wp-block-social-link-anchor\"><svg width=\"24\" height=\"24\" viewBox=\"0 0 24 24\" version=\"1.1\" xmlns=\"http:\/\/www.w3.org\/2000\/svg\" aria-hidden=\"true\" focusable=\"false\"><path d=\"M12,4.622c2.403,0,2.688,0.009,3.637,0.052c0.877,0.04,1.354,0.187,1.671,0.31c0.42,0.163,0.72,0.358,1.035,0.673 c0.315,0.315,0.51,0.615,0.673,1.035c0.123,0.317,0.27,0.794,0.31,1.671c0.043,0.949,0.052,1.234,0.052,3.637 s-0.009,2.688-0.052,3.637c-0.04,0.877-0.187,1.354-0.31,1.671c-0.163,0.42-0.358,0.72-0.673,1.035 c-0.315,0.315-0.615,0.51-1.035,0.673c-0.317,0.123-0.794,0.27-1.671,0.31c-0.949,0.043-1.233,0.052-3.637,0.052 s-2.688-0.009-3.637-0.052c-0.877-0.04-1.354-0.187-1.671-0.31c-0.42-0.163-0.72-0.358-1.035-0.673 c-0.315-0.315-0.51-0.615-0.673-1.035c-0.123-0.317-0.27-0.794-0.31-1.671C4.631,14.688,4.622,14.403,4.622,12 s0.009-2.688,0.052-3.637c0.04-0.877,0.187-1.354,0.31-1.671c0.163-0.42,0.358-0.72,0.673-1.035 c0.315-0.315,0.615-0.51,1.035-0.673c0.317-0.123,0.794-0.27,1.671-0.31C9.312,4.631,9.597,4.622,12,4.622 M12,3 C9.556,3,9.249,3.01,8.289,3.054C7.331,3.098,6.677,3.25,6.105,3.472C5.513,3.702,5.011,4.01,4.511,4.511 c-0.5,0.5-0.808,1.002-1.038,1.594C3.25,6.677,3.098,7.331,3.054,8.289C3.01,9.249,3,9.556,3,12c0,2.444,0.01,2.751,0.054,3.711 c0.044,0.958,0.196,1.612,0.418,2.185c0.23,0.592,0.538,1.094,1.038,1.594c0.5,0.5,1.002,0.808,1.594,1.038 c0.572,0.222,1.227,0.375,2.185,0.418C9.249,20.99,9.556,21,12,21s2.751-0.01,3.711-0.054c0.958-0.044,1.612-0.196,2.185-0.418 c0.592-0.23,1.094-0.538,1.594-1.038c0.5-0.5,0.808-1.002,1.038-1.594c0.222-0.572,0.375-1.227,0.418-2.185 C20.99,14.751,21,14.444,21,12s-0.01-2.751-0.054-3.711c-0.044-0.958-0.196-1.612-0.418-2.185c-0.23-0.592-0.538-1.094-1.038-1.594 c-0.5-0.5-1.002-0.808-1.594-1.038c-0.572-0.222-1.227-0.375-2.185-0.418C14.751,3.01,14.444,3,12,3L12,3z M12,7.378 c-2.552,0-4.622,2.069-4.622,4.622S9.448,16.622,12,16.622s4.622-2.069,4.622-4.622S14.552,7.378,12,7.378z M12,15 c-1.657,0-3-1.343-3-3s1.343-3,3-3s3,1.343,3,3S13.657,15,12,15z M16.804,6.116c-0.596,0-1.08,0.484-1.08,1.08 s0.484,1.08,1.08,1.08c0.596,0,1.08-0.484,1.08-1.08S17.401,6.116,16.804,6.116z\"><\/path><\/svg><span class=\"wp-block-social-link-label screen-reader-text\">Instagram<\/span><\/a><\/li>\n\n<li class=\"wp-social-link wp-social-link-twitter  wp-block-social-link\"><a rel=\"noopener nofollow\" target=\"_blank\" href=\"https:\/\/twitter.com\/lteritaly\" class=\"wp-block-social-link-anchor\"><svg width=\"24\" height=\"24\" viewBox=\"0 0 24 24\" version=\"1.1\" xmlns=\"http:\/\/www.w3.org\/2000\/svg\" aria-hidden=\"true\" focusable=\"false\"><path d=\"M22.23,5.924c-0.736,0.326-1.527,0.547-2.357,0.646c0.847-0.508,1.498-1.312,1.804-2.27 c-0.793,0.47-1.671,0.812-2.606,0.996C18.324,4.498,17.257,4,16.077,4c-2.266,0-4.103,1.837-4.103,4.103 c0,0.322,0.036,0.635,0.106,0.935C8.67,8.867,5.647,7.234,3.623,4.751C3.27,5.357,3.067,6.062,3.067,6.814 c0,1.424,0.724,2.679,1.825,3.415c-0.673-0.021-1.305-0.206-1.859-0.513c0,0.017,0,0.034,0,0.052c0,1.988,1.414,3.647,3.292,4.023 c-0.344,0.094-0.707,0.144-1.081,0.144c-0.264,0-0.521-0.026-0.772-0.074c0.522,1.63,2.038,2.816,3.833,2.85 c-1.404,1.1-3.174,1.756-5.096,1.756c-0.331,0-0.658-0.019-0.979-0.057c1.816,1.164,3.973,1.843,6.29,1.843 c7.547,0,11.675-6.252,11.675-11.675c0-0.178-0.004-0.355-0.012-0.531C20.985,7.47,21.68,6.747,22.23,5.924z\"><\/path><\/svg><span class=\"wp-block-social-link-label screen-reader-text\">Twitter<\/span><\/a><\/li>\n\n<li class=\"wp-social-link wp-social-link-youtube  wp-block-social-link\"><a rel=\"noopener nofollow\" target=\"_blank\" href=\"https:\/\/www.youtube.com\/@lteritalia9313\" class=\"wp-block-social-link-anchor\"><svg width=\"24\" height=\"24\" viewBox=\"0 0 24 24\" version=\"1.1\" xmlns=\"http:\/\/www.w3.org\/2000\/svg\" aria-hidden=\"true\" focusable=\"false\"><path d=\"M21.8,8.001c0,0-0.195-1.378-0.795-1.985c-0.76-0.797-1.613-0.801-2.004-0.847c-2.799-0.202-6.997-0.202-6.997-0.202 h-0.009c0,0-4.198,0-6.997,0.202C4.608,5.216,3.756,5.22,2.995,6.016C2.395,6.623,2.2,8.001,2.2,8.001S2,9.62,2,11.238v1.517 c0,1.618,0.2,3.237,0.2,3.237s0.195,1.378,0.795,1.985c0.761,0.797,1.76,0.771,2.205,0.855c1.6,0.153,6.8,0.201,6.8,0.201 s4.203-0.006,7.001-0.209c0.391-0.047,1.243-0.051,2.004-0.847c0.6-0.607,0.795-1.985,0.795-1.985s0.2-1.618,0.2-3.237v-1.517 C22,9.62,21.8,8.001,21.8,8.001z M9.935,14.594l-0.001-5.62l5.404,2.82L9.935,14.594z\"><\/path><\/svg><span class=\"wp-block-social-link-label screen-reader-text\">YouTube<\/span><\/a><\/li><\/ul>\n\n\n\n<p class=\"has-text-align-center has-ast-global-color-5-color has-text-color has-link-color wp-elements-482c159642c73093ab269d3950d62164\">Iscriviti alla nostra <a href=\"http:\/\/155.253.20.24\/wordpress\/?page_id=829&amp;lang=it\" data-type=\"page\" data-id=\"829\" target=\"_blank\" rel=\"noreferrer noopener\">Newsletter<\/a><\/p>\n<\/div>\n\n\n\n<div class=\"wp-block-column is-layout-flow wp-block-column-is-layout-flow\">\n<p class=\"has-text-align-center has-luminous-vivid-amber-color has-text-color has-link-color wp-elements-5a72402e64610e6d7c187b1d9f097056\"><strong>Link Utili<\/strong><\/p>\n\n\n\n<p class=\"has-text-align-center has-ast-global-color-5-color has-text-color has-link-color wp-elements-7c79e0023b3db4283521accdca53fbce\"><a href=\"https:\/\/elter-ri.eu\" target=\"_blank\" rel=\"noreferrer noopener\">eLTER-<\/a><a href=\"https:\/\/elter-ri.eu\" target=\"_blank\" rel=\"noopener noreferrer nofollow\">RI<\/a><\/p>\n\n\n\n<p class=\"has-text-align-center has-text-color has-link-color wp-elements-911b9ecd1ae31302cbd51eecb8907ff0\" style=\"color:#41917a\"><a href=\"https:\/\/www.ilter.network\/\" data-type=\"link\" data-id=\"https:\/\/www.ilter.network\/\" target=\"_blank\" rel=\"noreferrer noopener\">LTER International<\/a><\/p>\n\n\n\n<p class=\"has-text-align-center has-ast-global-color-5-color has-text-color has-link-color wp-elements-65e9d0cf9877d521b735faaecf341649\"><a href=\"https:\/\/dta.cnr.it\/\" target=\"_blank\" rel=\"noreferrer noopener\">CNR DSSTTA<\/a><\/p>\n<\/div>\n<\/div>\n\n\n\n<p class=\"has-text-align-center has-small-font-size\">Powered by LTER-Italy ICT group under a <img loading=\"lazy\" decoding=\"async\" width=\"70\" height=\"24\" class=\"wp-image-894\" style=\"width: 70px;\" src=\"http:\/\/155.253.20.24\/wordpress\/wp-content\/uploads\/by-nc-nd.eu_.png\" alt=\"\" srcset=\"https:\/\/www.lteritalia.it\/wp-content\/uploads\/by-nc-nd.eu_.png 403w, https:\/\/www.lteritalia.it\/wp-content\/uploads\/by-nc-nd.eu_-300x105.png 300w\" sizes=\"auto, (max-width: 70px) 100vw, 70px\" \/><\/p>\n\n\n\n<div class=\"wp-block-group alignwide is-content-justification-center is-layout-flex wp-container-core-group-is-layout-c124d1c4 wp-block-group-is-layout-flex\">\n<p class=\"has-text-align-center has-small-font-size\"> Proudly powered by <a rel=\"nofollow\" href=\"https:\/\/wordpress.org\" target=\"_blank\">WordPress<\/a> <\/p>\n<\/div>\n<\/div>\n","protected":false},"excerpt":{"rendered":"<p>News Eventi Contatti Segretariato: Via Roberto Cozzi, 53 20156 Milan (Italy) Telefono: +02 66173307 E-mail: lteritaly@gmail.com Contact form Social Media Iscriviti alla nostra Newsletter Link Utili eLTER-RI LTER International CNR [&hellip;]<\/p>\n","protected":false},"author":1,"featured_media":894,"parent":330,"menu_order":2,"comment_status":"closed","ping_status":"closed","template":"","meta":{"site-sidebar-layout":"default","site-content-layout":"","ast-site-content-layout":"default","site-content-style":"default","site-sidebar-style":"default","ast-global-header-display":"","ast-banner-title-visibility":"","ast-main-header-display":"","ast-hfb-above-header-display":"","ast-hfb-below-header-display":"","ast-hfb-mobile-header-display":"","site-post-title":"","ast-breadcrumbs-content":"","ast-featured-img":"","footer-sml-layout":"","ast-disable-related-posts":"","theme-transparent-header-meta":"","adv-header-id-meta":"","stick-header-meta":"","header-above-stick-meta":"","header-main-stick-meta":"","header-below-stick-meta":"","astra-migrate-meta-layouts":"default","ast-page-background-enabled":"default","ast-page-background-meta":{"desktop":{"background-color":"var(--ast-global-color-4)","background-image":"","background-repeat":"repeat","background-position":"center center","background-size":"auto","background-attachment":"scroll","background-type":"","background-media":"","overlay-type":"","overlay-color":"","overlay-opacity":"","overlay-gradient":""},"tablet":{"background-color":"","background-image":"","background-repeat":"repeat","background-position":"center center","background-size":"auto","background-attachment":"scroll","background-type":"","background-media":"","overlay-type":"","overlay-color":"","overlay-opacity":"","overlay-gradient":""},"mobile":{"background-color":"","background-image":"","background-repeat":"repeat","background-position":"center center","background-size":"auto","background-attachment":"scroll","background-type":"","background-media":"","overlay-type":"","overlay-color":"","overlay-opacity":"","overlay-gradient":""}},"ast-content-background-meta":{"desktop":{"background-color":"var(--ast-global-color-5)","background-image":"","background-repeat":"repeat","background-position":"center center","background-size":"auto","background-attachment":"scroll","background-type":"","background-media":"","overlay-type":"","overlay-color":"","overlay-opacity":"","overlay-gradient":""},"tablet":{"background-color":"var(--ast-global-color-5)","background-image":"","background-repeat":"repeat","background-position":"center center","background-size":"auto","background-attachment":"scroll","background-type":"","background-media":"","overlay-type":"","overlay-color":"","overlay-opacity":"","overlay-gradient":""},"mobile":{"background-color":"var(--ast-global-color-5)","background-image":"","background-repeat":"repeat","background-position":"center center","background-size":"auto","background-attachment":"scroll","background-type":"","background-media":"","overlay-type":"","overlay-color":"","overlay-opacity":"","overlay-gradient":""}},"_mc_calendar":[],"footnotes":""},"categories":[],"tags":[],"class_list":["post-344","page","type-page","status-publish","has-post-thumbnail","hentry"],"_links":{"self":[{"href":"https:\/\/www.lteritalia.it\/index.php?rest_route=\/wp\/v2\/pages\/344","targetHints":{"allow":["GET"]}}],"collection":[{"href":"https:\/\/www.lteritalia.it\/index.php?rest_route=\/wp\/v2\/pages"}],"about":[{"href":"https:\/\/www.lteritalia.it\/index.php?rest_route=\/wp\/v2\/types\/page"}],"author":[{"embeddable":true,"href":"https:\/\/www.lteritalia.it\/index.php?rest_route=\/wp\/v2\/users\/1"}],"replies":[{"embeddable":true,"href":"https:\/\/www.lteritalia.it\/index.php?rest_route=%2Fwp%2Fv2%2Fcomments&post=344"}],"version-history":[{"count":20,"href":"https:\/\/www.lteritalia.it\/index.php?rest_route=\/wp\/v2\/pages\/344\/revisions"}],"predecessor-version":[{"id":4538,"href":"https:\/\/www.lteritalia.it\/index.php?rest_route=\/wp\/v2\/pages\/344\/revisions\/4538"}],"up":[{"embeddable":true,"href":"https:\/\/www.lteritalia.it\/index.php?rest_route=\/wp\/v2\/pages\/330"}],"wp:featuredmedia":[{"embeddable":true,"href":"https:\/\/www.lteritalia.it\/index.php?rest_route=\/wp\/v2\/media\/894"}],"wp:attachment":[{"href":"https:\/\/www.lteritalia.it\/index.php?rest_route=%2Fwp%2Fv2%2Fmedia&parent=344"}],"wp:term":[{"taxonomy":"category","embeddable":true,"href":"https:\/\/www.lteritalia.it\/index.php?rest_route=%2Fwp%2Fv2%2Fcategories&post=344"},{"taxonomy":"post_tag","embeddable":true,"href":"https:\/\/www.lteritalia.it\/index.php?rest_route=%2Fwp%2Fv2%2Ftags&post=344"}],"curies":[{"name":"wp","href":"https:\/\/api.w.org\/{rel}","templated":true}]}}