{"id":1731,"date":"2023-11-27T23:24:52","date_gmt":"2023-11-27T22:24:52","guid":{"rendered":"http:\/\/155.253.20.24\/wordpress\/?page_id=1731"},"modified":"2025-06-09T16:55:00","modified_gmt":"2025-06-09T15:55:00","slug":"cammini-2018","status":"publish","type":"page","link":"https:\/\/www.lteritalia.it\/?page_id=1731","title":{"rendered":"Cammini 2018"},"content":{"rendered":"\n<p>Oltre all\u2019ormai tradizionale Cammino Appenninico, con il 2018 si inaugurano i Cammini transfrontalieri della rete, un\u2019iniziativa che, nell\u2019edizione del 2018 ha collegato la Rete LTER-Italia con quella Svizzera.<\/p>\n\n\n\n<div class=\"wp-block-buttons is-layout-flex wp-block-buttons-is-layout-flex\">\n<div class=\"wp-block-button\"><a class=\"wp-block-button__link wp-element-button\" href=\"http:\/\/www.lteritalia.it\/?p=4187\" target=\"_blank\" rel=\"noreferrer noopener\">Brochure<\/a><\/div>\n<\/div>\n\n\n\n<p><\/p>\n\n\n\n<p class=\"has-text-color has-link-color has-medium-font-size wp-elements-43e79f1d035847be586951f46c9e6c95\" style=\"color:#ee9a37\"><strong>Camminiamo la Biodiversit\u00e0 &#8211; Sugli Appennini alla ricerca dell\u2019ecologia<\/strong><\/p>\n\n\n\n<p>Per tre giorni, dal 20 al 22 luglio 2018, cittadini e ricercatori hanno vissuto la ricerca ecologica in prima persona, partecipando al Cammino svoltosi nel sito di ricerca ecologica a lungo termine del Monte Velino, in Abruzzo. I partecipanti hanno camminato nella Riserva Naturale Orientata Statale \u201cMonte Velino\u201d e nel Parco Naturale Regionale \u201cSirente Velino\u201d, che proteggono ecosistemi, habitat e specie particolari e bellissimi, tutelati a livello regionale, nazionale ed europeo. L\u2019iniziativa, concepita ed organizzata dal Comando Carabinieri Tutela Biodiversit\u00e0 e Parchi (Reparto Biodiversit\u00e0 di Castel di Sangro), ha coperto circa 30 km (quasi tutti a piedi), con un dislivello in salita di circa 1500 metri e in discesa di 1200 metri.<\/p>\n\n\n\n<p>Il primo giorno hanno raggiunto, dall\u2019impressionante versante meridionale del Velino, uno dei siti di rilevamento del sito LTER del Velino-Duchessa a quota 2100-2200 metri, dove il secondo giorno si \u00e8 tenuto un BioBlitz. Il terzo giorno, infine, sono ridiscesi dal massiccio del Velino percorrendo il suo versante settentrionale, caratterizzato da imponenti manifestazioni del glacialismo.<\/p>\n\n\n\n<p>Durante le 12 ore del BioBlitz, si sono svolte attivit\u00e0 scientifiche delle quali sono stati protagonisti direttamente i singoli partecipanti, con rilevamento della vegetazione e del microclima, osservazioni faunistiche e altre attivit\u00e0 di interpretazione ambientale, con ecologi, botanici, zoologi e geologi.<\/p>\n\n\n\n<p class=\"has-text-color has-link-color has-medium-font-size wp-elements-20dcc9577ba6fd6bd865f24e99897c63\" style=\"color:#ee9a37\"><strong>Tra Laghi e Foreste: un cammino transfrontaliero dall\u2019Italia alla Svizzera<\/strong><\/p>\n\n\n\n<p>Il Cammino si \u00e8 svolto, dal 2 al 5 settembre 2018, nelle Alpi Centrali, tra la val d\u2019Ossola, in Italia, e il Canton Vallese, in Svizzera, collegando il sito LTER Lago Paione Inferiore, gestito dal CNR IRSA, al sito LTER Visp, della Rete LTER-Svizzera e gestito dello Swiss Federal Institute for Forest, Snow and Landscape Research (WSL). Il Cammino, svolto interamente su sentieri, a quote comprese tra 700 e 2400 m s.l.m., ha attraversato il Passo del Sempione e percorso in parte lo Stockalperweg, una storica via di collegamento commerciale tra Italia e Svizzera.<\/p>\n\n\n\n<p>I siti LTER toccati dal Cammino sono un sito acquatico (Il Lago Paione Inferiore, un lago alpino d\u2019alta quota) e uno terrestre (il sito LTER VISP, una foresta delle Alpi). Le ricerche svolte in questi siti riguardano principalmente gli impatti a lungo termine delle attivit\u00e0 dell\u2019uomo sugli ecosistemi montani.<\/p>\n\n\n\n<p>Sono state attraversate aree a elevato valore ambientale e paesaggistico, oltre che di importanza storico-culturale (Sentiero Stockalper, Ecomuseo del Sempione). Presso il sito LTER di partenza (Lago Paione Inferiore) il 2 settembre \u00e8 stato organizzato un open-day, coinvolgendo il pubblico nelle attivit\u00e0 di campionamento e misure sul lago. Il 3 settembre \u00e8 iniziato il Cammino, dalla Val Bognanco a Simplon Dorf attraverso il Passo del Monscera. Il 4 settembre, partendo dal Passo del Sempione, attraverso Bistinenpass e Gibidumpass, i partecipanti sono giunti a Visperteminen, nel Canton Vallese, per concludere poi il cammino il 5 settembre al sito LTER di Visp. Durante il cammino sono state svolte osservazioni degli elementi naturali del paesaggio (flora e fauna alpina), anche mediante app per dispositivi mobili. Particolare attenzione \u00e8 stata data anche agli aspetti antropici e a come la presenza dell\u2019uomo ha modificato il paesaggio alpino.<\/p>\n\n\n\n<div class=\"wp-block-group alignfull has-background-color has-white-color has-ast-global-color-2-background-color has-text-color has-background has-link-color wp-elements-1f9b3225682397493ddf21ac8b770549 is-vertical is-content-justification-stretch is-layout-flex wp-container-core-group-is-layout-48a3dbfb wp-block-group-is-layout-flex\" style=\"min-height:40vh;margin-top:0;margin-bottom:0;padding-top:var(--wp--preset--spacing--60);padding-right:var(--wp--preset--spacing--40);padding-bottom:var(--wp--preset--spacing--60);padding-left:var(--wp--preset--spacing--40)\">\n<div class=\"wp-block-columns alignwide has-small-font-size is-layout-flex wp-container-core-columns-is-layout-28f84493 wp-block-columns-is-layout-flex\">\n<div class=\"wp-block-column is-layout-flow wp-block-column-is-layout-flow\">\n<p class=\"has-text-align-center has-luminous-vivid-amber-color has-text-color has-link-color wp-elements-789ece3f7a4c03c2d06ab1c7a828692f\" style=\"font-style:normal;font-weight:700\">Contacts<\/p>\n\n\n\n<p class=\"has-text-align-center\"><strong>Secretariat:<\/strong> Via Roberto Cozzi, 53 20156 Milan (Italy)<\/p>\n\n\n\n<p class=\"has-text-align-center\"><strong>Phone: <\/strong>+02 66173307<\/p>\n\n\n\n<p class=\"has-text-align-center has-ast-global-color-5-color has-text-color has-link-color wp-elements-092d8a5cd32c111fb6f2be94de498da8\"><strong>E-mail: <\/strong><a href=\"mailto:lteritaly@gmail.com\" target=\"_blank\" rel=\"noreferrer noopener\">lteritaly@gmail.com<\/a><\/p>\n\n\n\n<p class=\"has-text-align-center has-ast-global-color-5-color has-text-color has-link-color wp-elements-c411ba111b5b296fa3f87b7593d0c9ce\"><a href=\"http:\/\/155.253.20.24\/wordpress\/?page_id=826&amp;lang=it\" data-type=\"page\" data-id=\"826\" target=\"_blank\" rel=\"noreferrer noopener\"><a href=\"http:\/\/155.253.20.24\/wordpress\/?page_id=826&amp;lang=it\" data-type=\"page\" data-id=\"826\" target=\"_blank\" rel=\"noreferrer noopener\">Contact form<\/a><\/a><\/p>\n\n\n\n<div style=\"height:24px\" aria-hidden=\"true\" class=\"wp-block-spacer\"><\/div>\n<\/div>\n\n\n\n<div class=\"wp-block-column is-layout-flow wp-block-column-is-layout-flow\">\n<p class=\"has-text-align-center has-luminous-vivid-amber-color has-text-color has-link-color wp-elements-637597232a72fb19e8b69749a72c06fa\">Social Media<\/p>\n\n\n<nav class=\"has-small-font-size items-justified-center is-vertical no-wrap wp-block-navigation is-content-justification-center is-nowrap is-layout-flex wp-container-core-navigation-is-layout-34a3ecb2 wp-block-navigation-is-layout-flex\" aria-label=\"Navigation\"><ul class=\"wp-block-navigation__container has-small-font-size items-justified-center is-vertical no-wrap wp-block-navigation has-small-font-size\"><li class=\"wp-block-navigation-item\">\n<ul class=\"wp-block-social-links is-layout-flex wp-block-social-links-is-layout-flex\"><li class=\"wp-social-link wp-social-link-facebook  wp-block-social-link\"><a rel=\"noopener nofollow\" target=\"_blank\" href=\"https:\/\/www.facebook.com\/lteritaly\" class=\"wp-block-social-link-anchor\"><svg width=\"24\" height=\"24\" viewBox=\"0 0 24 24\" version=\"1.1\" xmlns=\"http:\/\/www.w3.org\/2000\/svg\" aria-hidden=\"true\" focusable=\"false\"><path d=\"M12 2C6.5 2 2 6.5 2 12c0 5 3.7 9.1 8.4 9.9v-7H7.9V12h2.5V9.8c0-2.5 1.5-3.9 3.8-3.9 1.1 0 2.2.2 2.2.2v2.5h-1.3c-1.2 0-1.6.8-1.6 1.6V12h2.8l-.4 2.9h-2.3v7C18.3 21.1 22 17 22 12c0-5.5-4.5-10-10-10z\"><\/path><\/svg><span class=\"wp-block-social-link-label screen-reader-text\">Facebook<\/span><\/a><\/li>\n\n<li class=\"wp-social-link wp-social-link-instagram  wp-block-social-link\"><a rel=\"noopener nofollow\" target=\"_blank\" href=\"https:\/\/www.instagram.com\/lteritalia\/\" class=\"wp-block-social-link-anchor\"><svg width=\"24\" height=\"24\" viewBox=\"0 0 24 24\" version=\"1.1\" xmlns=\"http:\/\/www.w3.org\/2000\/svg\" aria-hidden=\"true\" focusable=\"false\"><path d=\"M12,4.622c2.403,0,2.688,0.009,3.637,0.052c0.877,0.04,1.354,0.187,1.671,0.31c0.42,0.163,0.72,0.358,1.035,0.673 c0.315,0.315,0.51,0.615,0.673,1.035c0.123,0.317,0.27,0.794,0.31,1.671c0.043,0.949,0.052,1.234,0.052,3.637 s-0.009,2.688-0.052,3.637c-0.04,0.877-0.187,1.354-0.31,1.671c-0.163,0.42-0.358,0.72-0.673,1.035 c-0.315,0.315-0.615,0.51-1.035,0.673c-0.317,0.123-0.794,0.27-1.671,0.31c-0.949,0.043-1.233,0.052-3.637,0.052 s-2.688-0.009-3.637-0.052c-0.877-0.04-1.354-0.187-1.671-0.31c-0.42-0.163-0.72-0.358-1.035-0.673 c-0.315-0.315-0.51-0.615-0.673-1.035c-0.123-0.317-0.27-0.794-0.31-1.671C4.631,14.688,4.622,14.403,4.622,12 s0.009-2.688,0.052-3.637c0.04-0.877,0.187-1.354,0.31-1.671c0.163-0.42,0.358-0.72,0.673-1.035 c0.315-0.315,0.615-0.51,1.035-0.673c0.317-0.123,0.794-0.27,1.671-0.31C9.312,4.631,9.597,4.622,12,4.622 M12,3 C9.556,3,9.249,3.01,8.289,3.054C7.331,3.098,6.677,3.25,6.105,3.472C5.513,3.702,5.011,4.01,4.511,4.511 c-0.5,0.5-0.808,1.002-1.038,1.594C3.25,6.677,3.098,7.331,3.054,8.289C3.01,9.249,3,9.556,3,12c0,2.444,0.01,2.751,0.054,3.711 c0.044,0.958,0.196,1.612,0.418,2.185c0.23,0.592,0.538,1.094,1.038,1.594c0.5,0.5,1.002,0.808,1.594,1.038 c0.572,0.222,1.227,0.375,2.185,0.418C9.249,20.99,9.556,21,12,21s2.751-0.01,3.711-0.054c0.958-0.044,1.612-0.196,2.185-0.418 c0.592-0.23,1.094-0.538,1.594-1.038c0.5-0.5,0.808-1.002,1.038-1.594c0.222-0.572,0.375-1.227,0.418-2.185 C20.99,14.751,21,14.444,21,12s-0.01-2.751-0.054-3.711c-0.044-0.958-0.196-1.612-0.418-2.185c-0.23-0.592-0.538-1.094-1.038-1.594 c-0.5-0.5-1.002-0.808-1.594-1.038c-0.572-0.222-1.227-0.375-2.185-0.418C14.751,3.01,14.444,3,12,3L12,3z M12,7.378 c-2.552,0-4.622,2.069-4.622,4.622S9.448,16.622,12,16.622s4.622-2.069,4.622-4.622S14.552,7.378,12,7.378z M12,15 c-1.657,0-3-1.343-3-3s1.343-3,3-3s3,1.343,3,3S13.657,15,12,15z M16.804,6.116c-0.596,0-1.08,0.484-1.08,1.08 s0.484,1.08,1.08,1.08c0.596,0,1.08-0.484,1.08-1.08S17.401,6.116,16.804,6.116z\"><\/path><\/svg><span class=\"wp-block-social-link-label screen-reader-text\">Instagram<\/span><\/a><\/li>\n\n<li class=\"wp-social-link wp-social-link-x  wp-block-social-link\"><a rel=\"noopener nofollow\" target=\"_blank\" href=\"https:\/\/twitter.com\/lteritaly\" class=\"wp-block-social-link-anchor\"><svg width=\"24\" height=\"24\" viewBox=\"0 0 24 24\" version=\"1.1\" xmlns=\"http:\/\/www.w3.org\/2000\/svg\" aria-hidden=\"true\" focusable=\"false\"><path d=\"M13.982 10.622 20.54 3h-1.554l-5.693 6.618L8.745 3H3.5l6.876 10.007L3.5 21h1.554l6.012-6.989L15.868 21h5.245l-7.131-10.378Zm-2.128 2.474-.697-.997-5.543-7.93H8l4.474 6.4.697.996 5.815 8.318h-2.387l-4.745-6.787Z\" \/><\/svg><span class=\"wp-block-social-link-label screen-reader-text\">X<\/span><\/a><\/li>\n\n<li class=\"wp-social-link wp-social-link-youtube  wp-block-social-link\"><a rel=\"noopener nofollow\" target=\"_blank\" href=\"https:\/\/www.youtube.com\/@lteritalia9313\" class=\"wp-block-social-link-anchor\"><svg width=\"24\" height=\"24\" viewBox=\"0 0 24 24\" version=\"1.1\" xmlns=\"http:\/\/www.w3.org\/2000\/svg\" aria-hidden=\"true\" focusable=\"false\"><path d=\"M21.8,8.001c0,0-0.195-1.378-0.795-1.985c-0.76-0.797-1.613-0.801-2.004-0.847c-2.799-0.202-6.997-0.202-6.997-0.202 h-0.009c0,0-4.198,0-6.997,0.202C4.608,5.216,3.756,5.22,2.995,6.016C2.395,6.623,2.2,8.001,2.2,8.001S2,9.62,2,11.238v1.517 c0,1.618,0.2,3.237,0.2,3.237s0.195,1.378,0.795,1.985c0.761,0.797,1.76,0.771,2.205,0.855c1.6,0.153,6.8,0.201,6.8,0.201 s4.203-0.006,7.001-0.209c0.391-0.047,1.243-0.051,2.004-0.847c0.6-0.607,0.795-1.985,0.795-1.985s0.2-1.618,0.2-3.237v-1.517 C22,9.62,21.8,8.001,21.8,8.001z M9.935,14.594l-0.001-5.62l5.404,2.82L9.935,14.594z\"><\/path><\/svg><span class=\"wp-block-social-link-label screen-reader-text\">YouTube<\/span><\/a><\/li><\/ul>\n<\/li><\/ul><\/nav>\n\n\n<div style=\"height:24px\" aria-hidden=\"true\" class=\"wp-block-spacer\"><\/div>\n<\/div>\n\n\n\n<div class=\"wp-block-column is-layout-flow wp-block-column-is-layout-flow\">\n<p class=\"has-text-align-center\"><strong>Useful Links<\/strong><\/p>\n\n\n\n<div class=\"wp-block-group is-vertical is-content-justification-center is-layout-flex wp-container-core-group-is-layout-0e868306 wp-block-group-is-layout-flex\">\n<p class=\"has-text-align-center has-ast-global-color-5-color has-text-color has-link-color wp-elements-7c7d9a053eac10192abbf2f13672644c\"><a href=\"https:\/\/elter-ri.eu\" data-type=\"link\" data-id=\"https:\/\/elter-ri.eu\" target=\"_blank\" rel=\"noreferrer noopener\">eLTER-RI<\/a><\/p>\n\n\n\n<p class=\"has-text-align-center has-text-color has-link-color wp-elements-911b9ecd1ae31302cbd51eecb8907ff0\" style=\"color:#41917a\"><a href=\"https:\/\/www.ilter.network\/\" data-type=\"link\" data-id=\"https:\/\/www.ilter.network\/\" target=\"_blank\" rel=\"noreferrer noopener\">LTER International<\/a><\/p>\n\n\n\n<p class=\"has-text-align-center has-ast-global-color-5-color has-text-color has-link-color wp-elements-65e9d0cf9877d521b735faaecf341649\"><a href=\"https:\/\/dta.cnr.it\/\" target=\"_blank\" rel=\"noreferrer noopener\">CNR DSSTTA<\/a><\/p>\n<\/div>\n\n\n\n<div style=\"height:24px\" aria-hidden=\"true\" class=\"wp-block-spacer\"><\/div>\n<\/div>\n<\/div>\n\n\n\n<p class=\"has-text-align-center has-small-font-size\">Powered by LTER-Italy ICT group under a <img loading=\"lazy\" decoding=\"async\" width=\"70\" height=\"24\" class=\"wp-image-894\" style=\"width: 70px;\" src=\"http:\/\/155.253.20.24\/wordpress\/wp-content\/uploads\/by-nc-nd.eu_.png\" alt=\"\" srcset=\"https:\/\/www.lteritalia.it\/wp-content\/uploads\/by-nc-nd.eu_.png 403w, https:\/\/www.lteritalia.it\/wp-content\/uploads\/by-nc-nd.eu_-300x105.png 300w\" sizes=\"auto, (max-width: 70px) 100vw, 70px\" \/><\/p>\n\n\n\n<div class=\"wp-block-group alignwide is-content-justification-center is-layout-flex wp-container-core-group-is-layout-c124d1c4 wp-block-group-is-layout-flex\">\n<p class=\"has-text-align-center has-small-font-size\"> Proudly powered by <a rel=\"nofollow\" href=\"https:\/\/wordpress.org\" target=\"_blank\">WordPress<\/a> <\/p>\n<\/div>\n<\/div>\n","protected":false},"excerpt":{"rendered":"<p>Oltre all\u2019ormai tradizionale Cammino Appenninico, con il 2018 si inaugurano i Cammini transfrontalieri della rete, un\u2019iniziativa che, nell\u2019edizione del 2018 ha collegato la Rete LTER-Italia con quella Svizzera. Camminiamo la [&hellip;]<\/p>\n","protected":false},"author":1,"featured_media":894,"parent":926,"menu_order":0,"comment_status":"closed","ping_status":"closed","template":"","meta":{"site-sidebar-layout":"default","site-content-layout":"","ast-site-content-layout":"default","site-content-style":"default","site-sidebar-style":"default","ast-global-header-display":"","ast-banner-title-visibility":"","ast-main-header-display":"","ast-hfb-above-header-display":"","ast-hfb-below-header-display":"","ast-hfb-mobile-header-display":"","site-post-title":"","ast-breadcrumbs-content":"","ast-featured-img":"","footer-sml-layout":"","ast-disable-related-posts":"","theme-transparent-header-meta":"","adv-header-id-meta":"","stick-header-meta":"","header-above-stick-meta":"","header-main-stick-meta":"","header-below-stick-meta":"","astra-migrate-meta-layouts":"default","ast-page-background-enabled":"default","ast-page-background-meta":{"desktop":{"background-color":"var(--ast-global-color-4)","background-image":"","background-repeat":"repeat","background-position":"center center","background-size":"auto","background-attachment":"scroll","background-type":"","background-media":"","overlay-type":"","overlay-color":"","overlay-opacity":"","overlay-gradient":""},"tablet":{"background-color":"","background-image":"","background-repeat":"repeat","background-position":"center center","background-size":"auto","background-attachment":"scroll","background-type":"","background-media":"","overlay-type":"","overlay-color":"","overlay-opacity":"","overlay-gradient":""},"mobile":{"background-color":"","background-image":"","background-repeat":"repeat","background-position":"center center","background-size":"auto","background-attachment":"scroll","background-type":"","background-media":"","overlay-type":"","overlay-color":"","overlay-opacity":"","overlay-gradient":""}},"ast-content-background-meta":{"desktop":{"background-color":"var(--ast-global-color-5)","background-image":"","background-repeat":"repeat","background-position":"center center","background-size":"auto","background-attachment":"scroll","background-type":"","background-media":"","overlay-type":"","overlay-color":"","overlay-opacity":"","overlay-gradient":""},"tablet":{"background-color":"var(--ast-global-color-5)","background-image":"","background-repeat":"repeat","background-position":"center center","background-size":"auto","background-attachment":"scroll","background-type":"","background-media":"","overlay-type":"","overlay-color":"","overlay-opacity":"","overlay-gradient":""},"mobile":{"background-color":"var(--ast-global-color-5)","background-image":"","background-repeat":"repeat","background-position":"center center","background-size":"auto","background-attachment":"scroll","background-type":"","background-media":"","overlay-type":"","overlay-color":"","overlay-opacity":"","overlay-gradient":""}},"_mc_calendar":[],"footnotes":""},"categories":[],"tags":[],"class_list":["post-1731","page","type-page","status-publish","has-post-thumbnail","hentry"],"_links":{"self":[{"href":"https:\/\/www.lteritalia.it\/index.php?rest_route=\/wp\/v2\/pages\/1731","targetHints":{"allow":["GET"]}}],"collection":[{"href":"https:\/\/www.lteritalia.it\/index.php?rest_route=\/wp\/v2\/pages"}],"about":[{"href":"https:\/\/www.lteritalia.it\/index.php?rest_route=\/wp\/v2\/types\/page"}],"author":[{"embeddable":true,"href":"https:\/\/www.lteritalia.it\/index.php?rest_route=\/wp\/v2\/users\/1"}],"replies":[{"embeddable":true,"href":"https:\/\/www.lteritalia.it\/index.php?rest_route=%2Fwp%2Fv2%2Fcomments&post=1731"}],"version-history":[{"count":6,"href":"https:\/\/www.lteritalia.it\/index.php?rest_route=\/wp\/v2\/pages\/1731\/revisions"}],"predecessor-version":[{"id":6866,"href":"https:\/\/www.lteritalia.it\/index.php?rest_route=\/wp\/v2\/pages\/1731\/revisions\/6866"}],"up":[{"embeddable":true,"href":"https:\/\/www.lteritalia.it\/index.php?rest_route=\/wp\/v2\/pages\/926"}],"wp:featuredmedia":[{"embeddable":true,"href":"https:\/\/www.lteritalia.it\/index.php?rest_route=\/wp\/v2\/media\/894"}],"wp:attachment":[{"href":"https:\/\/www.lteritalia.it\/index.php?rest_route=%2Fwp%2Fv2%2Fmedia&parent=1731"}],"wp:term":[{"taxonomy":"category","embeddable":true,"href":"https:\/\/www.lteritalia.it\/index.php?rest_route=%2Fwp%2Fv2%2Fcategories&post=1731"},{"taxonomy":"post_tag","embeddable":true,"href":"https:\/\/www.lteritalia.it\/index.php?rest_route=%2Fwp%2Fv2%2Ftags&post=1731"}],"curies":[{"name":"wp","href":"https:\/\/api.w.org\/{rel}","templated":true}]}}